{"id":12696,"date":"2023-10-16T14:53:19","date_gmt":"2023-10-16T14:53:19","guid":{"rendered":"https:\/\/jetflo.com\/?post_type=destinations&#038;p=12696"},"modified":"2026-02-03T14:51:18","modified_gmt":"2026-02-03T14:51:18","slug":"jet-prive-vienne","status":"publish","type":"destinations","link":"https:\/\/jetflo.com\/fr\/destinations\/jet-prive-vienne\/","title":{"rendered":"Vienne"},"content":{"rendered":"","protected":false},"featured_media":12689,"menu_order":77,"template":"","destination_types":[303,270,300],"class_list":["post-12696","destinations","type-destinations","status-publish","has-post-thumbnail","hentry","destination_types-architecture-fr","destination_types-art-culture-fr","destination_types-city-trip-fr"],"acf":{"hero_image":12689,"heading":"","find_flight_link":"https:\/\/jetflo.com\/booking\/?to=Vienna+-+Schwechat+VIE&lang=fr","country":"Autriche","content":"<h2>Explorez Vienne avec style : Louer un jet priv\u00e9 pour un voyage autrichien exceptionnel<\/h2>\r\nVienne, la capitale autrichienne riche en culture et en histoire, est une ville qui enchante les voyageurs par sa grandeur classique et sa sc\u00e8ne culturelle vibrante. Pour ceux qui recherchent le plus grand luxe et la plus grande commodit\u00e9, l'affr\u00e8tement d'un jet priv\u00e9 pour Vienne est la porte d'entr\u00e9e d'un voyage autrichien extraordinaire. Votre aventure commence par une arriv\u00e9e en douceur \u00e0 l'a\u00e9roport international de Vienne (VIE), o\u00f9 l'\u00e9l\u00e9gance intemporelle de Vienne est mise en valeur.\r\n\r\n&nbsp;","airports":"A\u00e9roport international de Vienne Schwechat (IATA: VIE, ICAO: LOWW)","best_time_to_visit":"","features":[{"icon_image":14008,"heading":"Arriv\u00e9e et d\u00e9part en toute simplicit\u00e9 avec les vols en jet priv\u00e9 \u00e0 destination de Vienne","description":"La location d'un jet priv\u00e9 \u00e0 destination de Vienne vous permet de voyager rapidement et sans encombre, en \u00e9vitant les files d'attente et les foules des a\u00e9roports commerciaux. Votre plan de voyage est personnalis\u00e9 en fonction de votre emploi du temps, ce qui vous permet de profiter au maximum de votre s\u00e9jour dans cette ville classique. Que vous arriviez de <a href=\"https:\/\/jetflo.com\/fr\/paris\/\" target=\"_blank\" rel=\"noopener\">Paris<\/a>, <a href=\"https:\/\/jetflo.com\/fr\/destinations\/londres\/\" target=\"_blank\" rel=\"noopener\">Londres<\/a> ou New York, votre voyage peut \u00eatre adapt\u00e9 \u00e0 vos pr\u00e9f\u00e9rences, avec ou sans escale."},{"icon_image":13170,"heading":"Vienne : Une symphonie de culture, d'histoire et d'art","description":"Vienne est une ville qui allie harmonieusement son magnifique pass\u00e9 \u00e0 une sc\u00e8ne culturelle moderne et florissante. Explorez des sites historiques tels que le ch\u00e2teau de Sch\u00f6nbrunn, visitez des mus\u00e9es de renomm\u00e9e mondiale comme le Kunsthistorisches Museum, et plongez-vous dans le charme contemporain de la ville dans des quartiers comme Mariahilf et Leopoldstadt."},{"icon_image":13132,"heading":"D\u00e9lices culinaires et aventures gastronomiques","description":"La sc\u00e8ne culinaire viennoise est un paradis pour les amateurs de cuisine. Affr\u00e9ter un jet priv\u00e9 pour Vienne, c'est s'embarquer pour un voyage culinaire. Savourez les sp\u00e9cialit\u00e9s locales telles que le Wiener Schnitzel, le Sachertorte et l'Apfelstrudel. D\u00e9couvrez des restaurants gastronomiques o\u00f9 les meilleurs chefs concoctent des plats innovants et d\u00e9lectables, souvent accompagn\u00e9s d'un verre de vin autrichien."},{"icon_image":13116,"heading":"Explorer l'essence de Vienne","description":"Au-del\u00e0 de ses tr\u00e9sors historiques et culinaires, Vienne offre une multitude d'exp\u00e9riences culturelles. Promenez-vous dans la grandeur de la Ringstrasse, plongez-vous dans la culture vibrante des caf\u00e9s de la ville ou visitez des sites embl\u00e9matiques tels que la cath\u00e9drale Saint-\u00c9tienne. Plongez dans l'h\u00e9ritage musical de la ville \u00e0 l'Op\u00e9ra national de Vienne et dans son h\u00e9ritage intellectuel \u00e0 la Biblioth\u00e8que nationale autrichienne."},{"icon_image":13114,"heading":"H\u00e9bergement et services exclusifs","description":"Vienne offre un large \u00e9ventail d'h\u00e9bergements de luxe, des h\u00f4tels opulents de l'Innere Stadt aux charmantes propri\u00e9t\u00e9s de charme de Neubau. Am\u00e9liorez votre s\u00e9jour gr\u00e2ce \u00e0 des services de conciergerie personnalis\u00e9s qui vous permettront d'obtenir des r\u00e9servations dans des restaurants renomm\u00e9s, d'organiser des visites priv\u00e9es des joyaux cach\u00e9s de Vienne ou de cr\u00e9er des exp\u00e9riences sur mesure pour r\u00e9pondre \u00e0 vos pr\u00e9f\u00e9rences."},{"icon_image":13126,"heading":"Nuits vibrantes \u00e0 Vienne","description":"Lorsque le soleil se couche sur la ville, Vienne s'anime d'une vie nocturne tr\u00e9pidante. D\u00e9couvrez les bars sur les toits avec vue panoramique sur la ville, les salons de cocktails sophistiqu\u00e9s et les spectacles de musique classique de classe mondiale. Assistez \u00e0 un concert de l'Orchestre philharmonique de Vienne, savourez une soir\u00e9e au Burgtheater historique ou d\u00e9tendez-vous lors d'une croisi\u00e8re au clair de lune sur le Danube."},{"icon_image":13128,"heading":"Vienne, un m\u00e9lange d'histoire et d'art","description":"Vienne, une ville qui c\u00e9l\u00e8bre son riche h\u00e9ritage culturel tout en embrassant le monde moderne, marie harmonieusement l'histoire, la culture et l'innovation artistique. En affr\u00e9tant un jet priv\u00e9 pour Vienne, vous vous assurez que votre voyage sera aussi extraordinaire que votre destination. Immergez-vous dans l'allure captivante de la ville, savourez des d\u00e9lices culinaires et explorez son esprit vibrant, tout en profitant de la commodit\u00e9 et du luxe in\u00e9gal\u00e9s des voyages en jet priv\u00e9.\r\n\r\n&nbsp;"}],"hotels_image":12687,"restaurants_and_bars_image":12691,"activities_image":12693,"first_block_title":"","second_block_title":"","third_block_title":"","hotels_content":"Le <a href=\"https:\/\/www.palais-coburg.com\/\" target=\"_blank\" rel=\"noopener\">Palais Coburg<\/a> de Vienne est un t\u00e9moignage majestueux de l'histoire et de l'opulence. Cette r\u00e9sidence palatiale, situ\u00e9e au c\u0153ur de la ville, offre une exp\u00e9rience royale \u00e0 ses h\u00f4tes. Avec des chambres somptueuses, des restaurants de classe mondiale et une atmosph\u00e8re enchanteresse, le Palais Coburg est un havre de confort et d'\u00e9l\u00e9gance. Que vous partiez \u00e0 la d\u00e9couverte de la riche culture viennoise ou que vous recherchiez une retraite somptueuse, ce palais vous promet un s\u00e9jour alliant grandeur classique et luxe contemporain, ce qui en fait une destination de choix pour les voyageurs exigeants \u00e0 Vienne.\r\n\r\n<em><strong>Coburgbastei 4, 1010 Wien, Autriche<\/strong><\/em>","restaurants_and_bars_content":"<a href=\"https:\/\/www.steirereck.at\/steirereck.html#section1\" target=\"_blank\" rel=\"noopener\">Steirereck<\/a>, nich\u00e9 au c\u0153ur de Vienne, est un tr\u00e9sor culinaire qui captive les sens. Ce restaurant \u00e9toil\u00e9 au Michelin, situ\u00e9 dans le Stadtpark, offre une exp\u00e9rience culinaire qui harmonise la tradition et l'innovation moderne. R\u00e9put\u00e9 pour l'importance qu'il accorde aux produits locaux et de saison, Steirereck propose un voyage exquis \u00e0 travers la cuisine autrichienne. L'ambiance \u00e9l\u00e9gante et discr\u00e8te de l'\u00e9tablissement est propice \u00e0 une exp\u00e9rience gastronomique m\u00e9morable. Que vous soyez un amateur de cuisine \u00e0 la recherche d'authenticit\u00e9 ou un connaisseur des saveurs autrichiennes, Steirereck est une destination incontournable qui c\u00e9l\u00e8bre l'art de la gastronomie au c\u0153ur de Vienne.\r\n\r\n<strong><em>Am Heumarkt 2a 1030 Vienne<\/em><\/strong>","activities_content":"Affr\u00e9ter un h\u00e9licopt\u00e8re \u00e0 Vienne pour explorer la ville est une fa\u00e7on exaltante et luxueuse de d\u00e9couvrir la capitale autrichienne. De l\u00e0-haut, vous aurez une vue plongeante sur les sites historiques de Vienne, notamment le superbe ch\u00e2teau de Sch\u00f6nbrunn, l'embl\u00e9matique cath\u00e9drale Saint-\u00c9tienne et les m\u00e9andres du Danube. En survolant l'horizon de la ville, vous serez t\u00e9moin de sa beaut\u00e9 et de sa grandeur comme peu de gens peuvent en faire l'exp\u00e9rience. Il s'agit d'une aventure inoubliable qui allie luxe et panoramas \u00e0 couper le souffle, faisant de votre visite \u00e0 Vienne un voyage extraordinaire et m\u00e9morable.","table_group":{"showhide":true,"heading":"","table_filed":[{"from_image":14573,"from_location":"Zurich","flight_image":14575,"to_image":11590,"to_location":"Vienna","flight_time":"01h30","aircraft_type":"<a href=\"https:\/\/jetflo.com\/charters\/pilatus-pc-12-ng\/\">Pilatus PC 12 NG<\/a>","seats":6,"aircraft_category":"Turboprop","flight_starting_from":"7'900 \u20ac"},{"from_image":14585,"from_location":"Rome","flight_image":14246,"to_image":11590,"to_location":"Vienna","flight_time":"01h45","aircraft_type":"<a href=\"https:\/\/jetflo.com\/charters\/cessna-citation-mustang\/\">Cessna Citation Mustang<\/a>","seats":4,"aircraft_category":"Very Light Jet","flight_starting_from":"7'700 \u20ac"},{"from_image":14563,"from_location":"Toulouse","flight_image":14591,"to_image":11590,"to_location":"Vienna","flight_time":"02h10","aircraft_type":"<a href=\"https:\/\/jetflo.com\/charters\/citation-cj2\/\">Citation CJ2<\/a>","seats":6,"aircraft_category":"Light Jet","flight_starting_from":"12'500 \u20ac"},{"from_image":11735,"from_location":"Dublin","flight_image":14277,"to_image":11590,"to_location":"Vienna","flight_time":"02h50","aircraft_type":"<a href=\"https:\/\/jetflo.com\/charters\/embraer-phenom-300\/\">Embraer Phenom 300<\/a>","seats":8,"aircraft_category":"Super Light Jet","flight_starting_from":"18'000 \u20ac"},{"from_image":11899,"from_location":"Stockholm","flight_image":14600,"to_image":11590,"to_location":"Vienna","flight_time":"02h25","aircraft_type":"<a href=\"https:\/\/jetflo.com\/charters\/cessna-citation-vi\/\">Cessna Citation VI<\/a>","seats":8,"aircraft_category":"Midsize Jet","flight_starting_from":"15'000 \u20ac"},{"from_image":14577,"from_location":"Barcelona","flight_image":14571,"to_image":11590,"to_location":"Vienna","flight_time":"02h00","aircraft_type":"<a href=\"https:\/\/jetflo.com\/charters\/citation-sovereign\/\">Citation Sovereign<\/a>","seats":8,"aircraft_category":"Super Midsize Jet","flight_starting_from":"21'800 \u20ac"},{"from_image":14610,"from_location":"Abu dhabi","flight_image":14580,"to_image":11590,"to_location":"Vienna","flight_time":"06h00","aircraft_type":"<a href=\"https:\/\/jetflo.com\/charters\/challenger-604\/\">Bombardier Challenger 604<\/a>","seats":8,"aircraft_category":"Heavy Jet","flight_starting_from":"57'000 \u20ac"},{"from_image":11931,"from_location":"Phuket","flight_image":14613,"to_image":11590,"to_location":"Vienna","flight_time":"11h00","aircraft_type":"<a href=\"https:\/\/jetflo.com\/charters\/bombardier-global-6000\/\">Bombardier Global 6000<\/a>","seats":14,"aircraft_category":"Ultra-Long Range","flight_starting_from":"158'000 \u20ac"}],"table_content":"<em>Ces informations de prix sont fournies \u00e0 titre de r\u00e9f\u00e9rence uniquement pour un voyage aller simple. Si vous envisagez de retourner \u00e0 votre lieu de d\u00e9part en avion, le prix ne sera pas multipli\u00e9 par 2. De nombreux param\u00e8tres auront un impact sur le prix global du voyage. Notre expert en affr\u00e8tement vous fournira tous les d\u00e9tails n\u00e9cessaires. N'h\u00e9sitez pas \u00e0 nous contacter (Fly@jetflo.com tel +4122886 0900) si vous avez des questions concernant l'organisation de votre voyage en jet priv\u00e9 vers Vienna.<\/em>"}},"yoast_head":"<!-- This site is optimized with the Yoast SEO plugin v26.3 - https:\/\/yoast.com\/wordpress\/plugins\/seo\/ -->\n<title>Jet priv\u00e9 Vienne | Vols priv\u00e9s vers la capitale autrichienne<\/title>\n<meta name=\"description\" content=\"Voyagez en jet priv\u00e9 vers Vienne et d\u00e9couvrez son h\u00e9ritage culturel, sa gastronomie et son \u00e9l\u00e9gance europ\u00e9enne avec style.\" \/>\n<meta name=\"robots\" content=\"index, follow, max-snippet:-1, max-image-preview:large, max-video-preview:-1\" \/>\n<link rel=\"canonical\" href=\"https:\/\/jetflo.com\/fr\/destinations\/jet-prive-vienne\/\" \/>\n<meta property=\"og:locale\" content=\"fr_FR\" \/>\n<meta property=\"og:type\" content=\"article\" \/>\n<meta property=\"og:title\" content=\"Jet priv\u00e9 Vienne | Vols priv\u00e9s vers la capitale autrichienne\" \/>\n<meta property=\"og:description\" content=\"Voyagez en jet priv\u00e9 vers Vienne et d\u00e9couvrez son h\u00e9ritage culturel, sa gastronomie et son \u00e9l\u00e9gance europ\u00e9enne avec style.\" \/>\n<meta property=\"og:url\" content=\"https:\/\/jetflo.com\/fr\/destinations\/jet-prive-vienne\/\" \/>\n<meta property=\"og:site_name\" content=\"JetFlo\" \/>\n<meta property=\"article:modified_time\" content=\"2026-02-03T14:51:18+00:00\" \/>\n<meta property=\"og:image\" content=\"https:\/\/jetflo.com\/wp-content\/uploads\/2023\/10\/Vienna.jpg\" \/>\n\t<meta property=\"og:image:width\" content=\"6000\" \/>\n\t<meta property=\"og:image:height\" content=\"4200\" \/>\n\t<meta property=\"og:image:type\" content=\"image\/jpeg\" \/>\n<meta name=\"twitter:card\" content=\"summary_large_image\" \/>\n<meta name=\"twitter:label1\" content=\"Dur\u00e9e de lecture estim\u00e9e\" \/>\n\t<meta name=\"twitter:data1\" content=\"12 minutes\" \/>\n<script type=\"application\/ld+json\" class=\"yoast-schema-graph\">{\"@context\":\"https:\/\/schema.org\",\"@graph\":[{\"@type\":\"WebPage\",\"@id\":\"https:\/\/jetflo.com\/fr\/destinations\/jet-prive-vienne\/\",\"url\":\"https:\/\/jetflo.com\/fr\/destinations\/jet-prive-vienne\/\",\"name\":\"Jet priv\u00e9 Vienne | Vols priv\u00e9s vers la capitale autrichienne\",\"isPartOf\":{\"@id\":\"https:\/\/jetflo.com\/fr\/#website\"},\"primaryImageOfPage\":{\"@id\":\"https:\/\/jetflo.com\/fr\/destinations\/jet-prive-vienne\/#primaryimage\"},\"image\":{\"@id\":\"https:\/\/jetflo.com\/fr\/destinations\/jet-prive-vienne\/#primaryimage\"},\"thumbnailUrl\":\"https:\/\/jetflo.com\/wp-content\/uploads\/2023\/10\/Vienna.jpg\",\"datePublished\":\"2023-10-16T14:53:19+00:00\",\"dateModified\":\"2026-02-03T14:51:18+00:00\",\"description\":\"Voyagez en jet priv\u00e9 vers Vienne et d\u00e9couvrez son h\u00e9ritage culturel, sa gastronomie et son \u00e9l\u00e9gance europ\u00e9enne avec style.\",\"breadcrumb\":{\"@id\":\"https:\/\/jetflo.com\/fr\/destinations\/jet-prive-vienne\/#breadcrumb\"},\"inLanguage\":\"fr-FR\",\"potentialAction\":[{\"@type\":\"ReadAction\",\"target\":[\"https:\/\/jetflo.com\/fr\/destinations\/jet-prive-vienne\/\"]}]},{\"@type\":\"ImageObject\",\"inLanguage\":\"fr-FR\",\"@id\":\"https:\/\/jetflo.com\/fr\/destinations\/jet-prive-vienne\/#primaryimage\",\"url\":\"https:\/\/jetflo.com\/wp-content\/uploads\/2023\/10\/Vienna.jpg\",\"contentUrl\":\"https:\/\/jetflo.com\/wp-content\/uploads\/2023\/10\/Vienna.jpg\",\"width\":6000,\"height\":4200,\"caption\":\"Statue of Archduke Charles and Museum of Natural History dome, Vienna, Austria\"},{\"@type\":\"BreadcrumbList\",\"@id\":\"https:\/\/jetflo.com\/fr\/destinations\/jet-prive-vienne\/#breadcrumb\",\"itemListElement\":[{\"@type\":\"ListItem\",\"position\":1,\"name\":\"Home\",\"item\":\"https:\/\/jetflo.com\/fr\/\"},{\"@type\":\"ListItem\",\"position\":2,\"name\":\"Destinations\",\"item\":\"https:\/\/jetflo.com\/fr\/destinations\/\"},{\"@type\":\"ListItem\",\"position\":3,\"name\":\"Vienne\"}]},{\"@type\":\"WebSite\",\"@id\":\"https:\/\/jetflo.com\/fr\/#website\",\"url\":\"https:\/\/jetflo.com\/fr\/\",\"name\":\"JetFlo\",\"description\":\"Your Private Jet Charter\",\"publisher\":{\"@id\":\"https:\/\/jetflo.com\/fr\/#organization\"},\"alternateName\":\"JetFlo Private Jet Charter\",\"potentialAction\":[{\"@type\":\"SearchAction\",\"target\":{\"@type\":\"EntryPoint\",\"urlTemplate\":\"https:\/\/jetflo.com\/fr\/?s={search_term_string}\"},\"query-input\":{\"@type\":\"PropertyValueSpecification\",\"valueRequired\":true,\"valueName\":\"search_term_string\"}}],\"inLanguage\":\"fr-FR\"},{\"@type\":\"Organization\",\"@id\":\"https:\/\/jetflo.com\/fr\/#organization\",\"name\":\"JetFlo\",\"url\":\"https:\/\/jetflo.com\/fr\/\",\"logo\":{\"@type\":\"ImageObject\",\"inLanguage\":\"fr-FR\",\"@id\":\"https:\/\/jetflo.com\/fr\/#\/schema\/logo\/image\/\",\"url\":\"https:\/\/jetflo.com\/wp-content\/uploads\/2022\/09\/JetFlo-Logo.svg\",\"contentUrl\":\"https:\/\/jetflo.com\/wp-content\/uploads\/2022\/09\/JetFlo-Logo.svg\",\"caption\":\"JetFlo\"},\"image\":{\"@id\":\"https:\/\/jetflo.com\/fr\/#\/schema\/logo\/image\/\"}}]}<\/script>\n<!-- \/ Yoast SEO plugin. -->","yoast_head_json":{"title":"Jet priv\u00e9 Vienne | Vols priv\u00e9s vers la capitale autrichienne","description":"Voyagez en jet priv\u00e9 vers Vienne et d\u00e9couvrez son h\u00e9ritage culturel, sa gastronomie et son \u00e9l\u00e9gance europ\u00e9enne avec style.","robots":{"index":"index","follow":"follow","max-snippet":"max-snippet:-1","max-image-preview":"max-image-preview:large","max-video-preview":"max-video-preview:-1"},"canonical":"https:\/\/jetflo.com\/fr\/destinations\/jet-prive-vienne\/","og_locale":"fr_FR","og_type":"article","og_title":"Jet priv\u00e9 Vienne | Vols priv\u00e9s vers la capitale autrichienne","og_description":"Voyagez en jet priv\u00e9 vers Vienne et d\u00e9couvrez son h\u00e9ritage culturel, sa gastronomie et son \u00e9l\u00e9gance europ\u00e9enne avec style.","og_url":"https:\/\/jetflo.com\/fr\/destinations\/jet-prive-vienne\/","og_site_name":"JetFlo","article_modified_time":"2026-02-03T14:51:18+00:00","og_image":[{"width":6000,"height":4200,"url":"https:\/\/jetflo.com\/wp-content\/uploads\/2023\/10\/Vienna.jpg","type":"image\/jpeg"}],"twitter_card":"summary_large_image","twitter_misc":{"Dur\u00e9e de lecture estim\u00e9e":"12 minutes"},"schema":{"@context":"https:\/\/schema.org","@graph":[{"@type":"WebPage","@id":"https:\/\/jetflo.com\/fr\/destinations\/jet-prive-vienne\/","url":"https:\/\/jetflo.com\/fr\/destinations\/jet-prive-vienne\/","name":"Jet priv\u00e9 Vienne | Vols priv\u00e9s vers la capitale autrichienne","isPartOf":{"@id":"https:\/\/jetflo.com\/fr\/#website"},"primaryImageOfPage":{"@id":"https:\/\/jetflo.com\/fr\/destinations\/jet-prive-vienne\/#primaryimage"},"image":{"@id":"https:\/\/jetflo.com\/fr\/destinations\/jet-prive-vienne\/#primaryimage"},"thumbnailUrl":"https:\/\/jetflo.com\/wp-content\/uploads\/2023\/10\/Vienna.jpg","datePublished":"2023-10-16T14:53:19+00:00","dateModified":"2026-02-03T14:51:18+00:00","description":"Voyagez en jet priv\u00e9 vers Vienne et d\u00e9couvrez son h\u00e9ritage culturel, sa gastronomie et son \u00e9l\u00e9gance europ\u00e9enne avec style.","breadcrumb":{"@id":"https:\/\/jetflo.com\/fr\/destinations\/jet-prive-vienne\/#breadcrumb"},"inLanguage":"fr-FR","potentialAction":[{"@type":"ReadAction","target":["https:\/\/jetflo.com\/fr\/destinations\/jet-prive-vienne\/"]}]},{"@type":"ImageObject","inLanguage":"fr-FR","@id":"https:\/\/jetflo.com\/fr\/destinations\/jet-prive-vienne\/#primaryimage","url":"https:\/\/jetflo.com\/wp-content\/uploads\/2023\/10\/Vienna.jpg","contentUrl":"https:\/\/jetflo.com\/wp-content\/uploads\/2023\/10\/Vienna.jpg","width":6000,"height":4200,"caption":"Statue of Archduke Charles and Museum of Natural History dome, Vienna, Austria"},{"@type":"BreadcrumbList","@id":"https:\/\/jetflo.com\/fr\/destinations\/jet-prive-vienne\/#breadcrumb","itemListElement":[{"@type":"ListItem","position":1,"name":"Home","item":"https:\/\/jetflo.com\/fr\/"},{"@type":"ListItem","position":2,"name":"Destinations","item":"https:\/\/jetflo.com\/fr\/destinations\/"},{"@type":"ListItem","position":3,"name":"Vienne"}]},{"@type":"WebSite","@id":"https:\/\/jetflo.com\/fr\/#website","url":"https:\/\/jetflo.com\/fr\/","name":"JetFlo","description":"Your Private Jet Charter","publisher":{"@id":"https:\/\/jetflo.com\/fr\/#organization"},"alternateName":"JetFlo Private Jet Charter","potentialAction":[{"@type":"SearchAction","target":{"@type":"EntryPoint","urlTemplate":"https:\/\/jetflo.com\/fr\/?s={search_term_string}"},"query-input":{"@type":"PropertyValueSpecification","valueRequired":true,"valueName":"search_term_string"}}],"inLanguage":"fr-FR"},{"@type":"Organization","@id":"https:\/\/jetflo.com\/fr\/#organization","name":"JetFlo","url":"https:\/\/jetflo.com\/fr\/","logo":{"@type":"ImageObject","inLanguage":"fr-FR","@id":"https:\/\/jetflo.com\/fr\/#\/schema\/logo\/image\/","url":"https:\/\/jetflo.com\/wp-content\/uploads\/2022\/09\/JetFlo-Logo.svg","contentUrl":"https:\/\/jetflo.com\/wp-content\/uploads\/2022\/09\/JetFlo-Logo.svg","caption":"JetFlo"},"image":{"@id":"https:\/\/jetflo.com\/fr\/#\/schema\/logo\/image\/"}}]}},"_links":{"self":[{"href":"https:\/\/jetflo.com\/fr\/wp-json\/wp\/v2\/destinations\/12696","targetHints":{"allow":["GET"]}}],"collection":[{"href":"https:\/\/jetflo.com\/fr\/wp-json\/wp\/v2\/destinations"}],"about":[{"href":"https:\/\/jetflo.com\/fr\/wp-json\/wp\/v2\/types\/destinations"}],"version-history":[{"count":5,"href":"https:\/\/jetflo.com\/fr\/wp-json\/wp\/v2\/destinations\/12696\/revisions"}],"predecessor-version":[{"id":15434,"href":"https:\/\/jetflo.com\/fr\/wp-json\/wp\/v2\/destinations\/12696\/revisions\/15434"}],"wp:featuredmedia":[{"embeddable":true,"href":"https:\/\/jetflo.com\/fr\/wp-json\/wp\/v2\/media\/12689"}],"wp:attachment":[{"href":"https:\/\/jetflo.com\/fr\/wp-json\/wp\/v2\/media?parent=12696"}],"wp:term":[{"taxonomy":"destination_types","embeddable":true,"href":"https:\/\/jetflo.com\/fr\/wp-json\/wp\/v2\/destination_types?post=12696"}],"curies":[{"name":"wp","href":"https:\/\/api.w.org\/{rel}","templated":true}]}}