{"id":17915,"date":"2026-02-04T15:07:26","date_gmt":"2026-02-04T15:07:26","guid":{"rendered":"https:\/\/jetflo.com\/?post_type=destinations&#038;p=17915"},"modified":"2026-02-18T15:24:27","modified_gmt":"2026-02-18T15:24:27","slug":"jet-prive-pour-gstaad","status":"publish","type":"destinations","link":"https:\/\/jetflo.com\/fr\/destinations\/jet-prive-pour-gstaad\/","title":{"rendered":"Gstaad"},"content":{"rendered":"","protected":false},"featured_media":17885,"menu_order":7,"template":"","destination_types":[292,302],"class_list":["post-17915","destinations","type-destinations","status-publish","has-post-thumbnail","hentry","destination_types-activites-en-exterieur","destination_types-outdoor-adventures-fr"],"acf":{"hero_image":17885,"heading":"D\u00e9couvrez Gstaad avec style : affr\u00e9tez un jet priv\u00e9 pour une exp\u00e9rience alpine de luxe","find_flight_link":"https:\/\/jetflo.com\/booking\/?to=Geneva+-+Cointrin+GVA","country":"Switzerland ","content":"<div class=\"flex flex-col text-sm pb-25\"><article class=\"text-token-text-primary w-full focus:outline-none [--shadow-height:45px] has-data-writing-block:pointer-events-none has-data-writing-block:-mt-(--shadow-height) has-data-writing-block:pt-(--shadow-height) [&amp;:has([data-writing-block])&gt;*]:pointer-events-auto scroll-mt-[calc(var(--header-height)+min(200px,max(70px,20svh)))]\" dir=\"auto\" tabindex=\"-1\" data-turn-id=\"117c11bc-f278-4608-943e-445d659552d7\" data-testid=\"conversation-turn-368\" data-scroll-anchor=\"true\" data-turn=\"assistant\">\r\n<div class=\"text-base my-auto mx-auto pb-10 [--thread-content-margin:--spacing(4)] @w-sm\/main:[--thread-content-margin:--spacing(6)] @w-lg\/main:[--thread-content-margin:--spacing(16)] px-(--thread-content-margin)\">\r\n<div class=\"[--thread-content-max-width:40rem] @w-lg\/main:[--thread-content-max-width:48rem] mx-auto max-w-(--thread-content-max-width) flex-1 group\/turn-messages focus-visible:outline-hidden relative flex w-full min-w-0 flex-col agent-turn\" tabindex=\"-1\">\r\n<div class=\"flex max-w-full flex-col grow\">\r\n<div class=\"min-h-8 text-message relative flex w-full flex-col items-end gap-2 text-start break-words whitespace-normal [.text-message+&amp;]:mt-1\" dir=\"auto\" data-message-author-role=\"assistant\" data-message-id=\"8c7cc001-1a5b-4969-ad04-d5109ba573b2\" data-message-model-slug=\"gpt-5-2\">\r\n<div class=\"flex w-full flex-col gap-1 empty:hidden first:pt-[1px]\">\r\n<div class=\"markdown prose dark:prose-invert w-full wrap-break-word light markdown-new-styling\">\r\n<h2 data-start=\"0\" data-end=\"82\">D\u00e9couvrez <strong data-start=\"10\" data-end=\"31\">Gstaad avec style<\/strong> : affr\u00e9tez un <strong data-start=\"46\" data-end=\"59\">jet priv\u00e9<\/strong> pour une <strong data-start=\"69\" data-end=\"98\">exp\u00e9rience alpine de luxe<\/strong><\/h2>\r\n<p data-start=\"84\" data-end=\"809\" data-is-last-node=\"\" data-is-only-node=\"\">Gstaad, destination alpine embl\u00e9matique au c\u0153ur des Alpes suisses, s\u00e9duit les voyageurs par son charme intemporel, son \u00e9l\u00e9gance raffin\u00e9e et ses paysages montagneux spectaculaires. R\u00e9put\u00e9e pour ses chalets de luxe, son ski de renomm\u00e9e mondiale et son atmosph\u00e8re discr\u00e8te, Gstaad est un v\u00e9ritable havre pour ceux qui recherchent \u00e0 la fois d\u00e9tente et sophistication. Pour les voyageurs en qu\u00eate de confort absolu et de commodit\u00e9, l\u2019affr\u00e8tement d\u2019un jet priv\u00e9 vers Gstaad garantit un voyage fluide et prestigieux, avec une arriv\u00e9e en toute s\u00e9r\u00e9nit\u00e9 \u00e0 <strong data-start=\"583\" data-end=\"599\">Saanen (QYK)<\/strong>, <strong data-start=\"601\" data-end=\"616\">Berne (BRN)<\/strong> ou <strong data-start=\"620\" data-end=\"638\">Payerne (LSMP)<\/strong>, suivie d\u2019un transfert panoramique \u00e0 travers les Alpes, donnant imm\u00e9diatement le ton d\u2019un s\u00e9jour inoubliable dans l\u2019une des stations de montagne les plus exclusives de Suisse.<\/p>\r\n\r\n<\/div>\r\n<\/div>\r\n<\/div>\r\n<\/div>\r\n<div class=\"z-0 flex min-h-[46px] justify-start\"><\/div>\r\n<div class=\"mt-3 w-full empty:hidden\">\r\n<div class=\"text-center\"><\/div>\r\n<\/div>\r\n<\/div>\r\n<\/div>\r\n<\/article><\/div>\r\n<div class=\"pointer-events-none h-px w-px absolute bottom-0\" aria-hidden=\"true\" data-edge=\"true\"><\/div>","airports":"A\u00e9roport de Saanen (QYK, LSGK)\r\n\r\nA\u00e9roport de Bern (BRN, LSZB)\r\n\r\nA\u00e9roport de Payerne (LSMP)","best_time_to_visit":"P\u00e9riode hivernale","features":[{"icon_image":14008,"heading":"Affr\u00e9ter un jet priv\u00e9 vers Gstaad","description":"Pour une exp\u00e9rience de voyage fluide et acc\u00e9l\u00e9r\u00e9e, vous permettant d\u2019\u00e9viter les files d\u2019attente et la foule des a\u00e9roports commerciaux. Votre itin\u00e9raire est enti\u00e8rement adapt\u00e9 \u00e0 votre emploi du temps, afin de profiter pleinement de votre s\u00e9jour dans cette destination de montagne pittoresque. Que vous voyagiez depuis Paris, Gen\u00e8ve ou Milan, votre trajet peut \u00eatre personnalis\u00e9 selon vos pr\u00e9f\u00e9rences, avec ou sans escale."},{"icon_image":13170,"heading":"Gstaad : une fusion de charme alpin, de gastronomie et d\u2019\u00e9l\u00e9gance","description":"Gstaad est une destination qui allie harmonieusement son riche h\u00e9ritage alpin \u00e0 une sc\u00e8ne culturelle raffin\u00e9e et dynamique. D\u00e9couvrez des lieux embl\u00e9matiques ainsi que les superbes sentiers de montagne environnants. Explorez des galeries d\u2019art renomm\u00e9es, assistez \u00e0 des \u00e9v\u00e9nements culturels exclusifs et impr\u00e9gnez-vous de la beaut\u00e9 naturelle de la r\u00e9gion en fl\u00e2nant le long de la promenade pi\u00e9tonne de Gstaad, bord\u00e9e de boutiques \u00e9l\u00e9gantes et de restaurants gastronomiques."},{"icon_image":13134,"heading":"D\u00e9lices culinaires et aventures gastronomiques alpines","description":"La sc\u00e8ne gastronomique de Gstaad est un v\u00e9ritable plaisir pour les fins gourmets. Affr\u00e9ter un jet priv\u00e9 vers Gstaad vous invite \u00e0 vivre un voyage culinaire alpin d\u2019exception. Savourez des sp\u00e9cialit\u00e9s suisses authentiques telles que la fondue, la raclette et des plats r\u00e9gionaux raffin\u00e9s inspir\u00e9s des traditions alpines. D\u00e9couvrez des restaurants de montagne \u00e9l\u00e9gants et des adresses gourmandes intimistes o\u00f9 des chefs renomm\u00e9s \u00e9laborent une cuisine inventive et savoureuse, souvent accompagn\u00e9e de vins suisses de qualit\u00e9 et de spiritueux locaux soigneusement s\u00e9lectionn\u00e9s, pour une exp\u00e9rience gastronomique aussi m\u00e9morable que la destination elle-m\u00eame."},{"icon_image":13114,"heading":"Chalets et h\u00e9bergements de luxe","description":"Gstaad propose une s\u00e9lection exceptionnelle d\u2019h\u00e9bergements de luxe, allant de chalets priv\u00e9s exclusifs offrant des vues alpines \u00e0 couper le souffle \u00e0 des h\u00f4tels cinq \u00e9toiles prestigieux, r\u00e9put\u00e9s pour leur discr\u00e9tion et leur service irr\u00e9prochable. Sublimez votre s\u00e9jour gr\u00e2ce \u00e0 des services de conciergerie personnalis\u00e9s, capables d\u2019obtenir des r\u00e9servations dans des restaurants renomm\u00e9s, d\u2019organiser des excursions priv\u00e9es vers les tr\u00e9sors cach\u00e9s de la r\u00e9gion ou de concevoir des exp\u00e9riences alpines sur mesure, parfaitement adapt\u00e9es \u00e0 vos pr\u00e9f\u00e9rences."}],"hotels_image":17890,"restaurants_and_bars_image":17901,"activities_image":17904,"first_block_title":"","second_block_title":"","third_block_title":"","hotels_content":"<a href=\"https:\/\/www.palace.ch\/en\/\"><strong data-start=\"0\" data-end=\"17\" data-is-only-node=\"\">Gstaad Palace<\/strong><\/a> est un h\u00f4tel cinq \u00e9toiles l\u00e9gendaire, perch\u00e9 au-dessus du village de Gstaad, r\u00e9put\u00e9 pour son \u00e9l\u00e9gance intemporelle et ses vues spectaculaires sur les Alpes suisses. Alliant charme classique et luxe contemporain, il propose des chambres et suites \u00e9l\u00e9gamment am\u00e9nag\u00e9es, un spa de classe mondiale avec piscines int\u00e9rieure et ext\u00e9rieure, ainsi que plusieurs restaurants raffin\u00e9s. Gr\u00e2ce \u00e0 son service irr\u00e9prochable, son atmosph\u00e8re discr\u00e8te et son statut embl\u00e9matique, le Gstaad Palace demeure l\u2019un des refuges alpins les plus prestigieux de Suisse.\r\n\r\n<em><strong>Palacestrasse 28, <\/strong><\/em><em><strong>3780 Gstaad, Switzerland\u00a0<\/strong><\/em>","restaurants_and_bars_content":"<a href=\"https:\/\/www.thealpinagstaad.ch\/megu\"><strong data-start=\"0\" data-end=\"8\" data-is-only-node=\"\">MEGU<\/strong><\/a> situ\u00e9 au sein de The Alpina Gstaad, MEGU propose une exp\u00e9rience de haute gastronomie japonaise dans un cadre \u00e9l\u00e9gant et intimiste. R\u00e9put\u00e9 pour sa cuisine raffin\u00e9e, MEGU met \u00e0 l\u2019honneur des sushis et sashimis d\u2019exception, ainsi que des plats japonais contemporains \u00e9labor\u00e9s \u00e0 partir des meilleurs ingr\u00e9dients. Associant une atmosph\u00e8re sophistiqu\u00e9e \u00e0 un service irr\u00e9prochable, MEGU s\u2019impose comme l\u2019une des adresses gastronomiques les plus pris\u00e9es de Gstaad.\r\n\r\n<em><strong>Alpinastrasse 23, <\/strong><\/em><em><strong>3780 Gstaad, Switzerland<\/strong><\/em>","activities_content":"<div class=\"flex flex-col text-sm pb-25\"><article class=\"text-token-text-primary w-full focus:outline-none [--shadow-height:45px] has-data-writing-block:pointer-events-none has-data-writing-block:-mt-(--shadow-height) has-data-writing-block:pt-(--shadow-height) [&amp;:has([data-writing-block])&gt;*]:pointer-events-auto scroll-mt-[calc(var(--header-height)+min(200px,max(70px,20svh)))]\" dir=\"auto\" tabindex=\"-1\" data-turn-id=\"request-68ff909b-eb5c-832d-bce5-63ce235c46c3-24\" data-testid=\"conversation-turn-388\" data-scroll-anchor=\"true\" data-turn=\"assistant\">\r\n<div class=\"text-base my-auto mx-auto pb-10 [--thread-content-margin:--spacing(4)] @w-sm\/main:[--thread-content-margin:--spacing(6)] @w-lg\/main:[--thread-content-margin:--spacing(16)] px-(--thread-content-margin)\">\r\n<div class=\"[--thread-content-max-width:40rem] @w-lg\/main:[--thread-content-max-width:48rem] mx-auto max-w-(--thread-content-max-width) flex-1 group\/turn-messages focus-visible:outline-hidden relative flex w-full min-w-0 flex-col agent-turn\" tabindex=\"-1\">\r\n<div class=\"flex max-w-full flex-col grow\">\r\n<div class=\"min-h-8 text-message relative flex w-full flex-col items-end gap-2 text-start break-words whitespace-normal [.text-message+&amp;]:mt-1\" dir=\"auto\" data-message-author-role=\"assistant\" data-message-id=\"ce13b7bd-3b90-4c0a-ade2-f3beef195570\" data-message-model-slug=\"gpt-5-2\">\r\n<div class=\"flex w-full flex-col gap-1 empty:hidden first:pt-[1px]\">\r\n<div class=\"markdown prose dark:prose-invert w-full wrap-break-word light markdown-new-styling\">\r\n<p data-start=\"0\" data-end=\"507\" data-is-last-node=\"\" data-is-only-node=\"\">Le ski et le snowboard \u00e0 Gstaad offrent une exp\u00e9rience alpine raffin\u00e9e au sein d\u2019un domaine vaste et vari\u00e9 comptant plus de 200 kilom\u00e8tres de pistes. R\u00e9put\u00e9e pour ses larges pistes parfaitement entretenues et ses panoramas spectaculaires, Gstaad s\u2019adresse \u00e0 tous les niveaux, des d\u00e9butants aux skieurs les plus confirm\u00e9s. Gr\u00e2ce \u00e0 des remont\u00e9es m\u00e9caniques modernes, des pistes peu fr\u00e9quent\u00e9es et une ambiance \u00e0 la fois \u00e9l\u00e9gante et d\u00e9contract\u00e9e, Gstaad est la destination id\u00e9ale pour ceux qui recherchent des sports d\u2019hiver de classe mondiale, alli\u00e9s au confort, au style et \u00e0 l\u2019authenticit\u00e9.<\/p>\r\n\r\n<\/div>\r\n<\/div>\r\n<\/div>\r\n<\/div>\r\n<div class=\"z-0 flex min-h-[46px] justify-start\"><\/div>\r\n<div class=\"mt-3 w-full empty:hidden\">\r\n<div class=\"text-center\"><\/div>\r\n<\/div>\r\n<\/div>\r\n<\/div>\r\n<\/article><\/div>\r\n<div class=\"pointer-events-none h-px w-px absolute bottom-0\" aria-hidden=\"true\" data-edge=\"true\"><\/div>","table_group":{"showhide":true,"heading":"","table_filed":[{"from_image":14559,"from_location":"Paris ","flight_image":"","to_image":14573,"to_location":"Saanen","flight_time":"01h20","aircraft_type":"<a href=\"https:\/\/jetflo.com\/charters\/pilatus-pc-12-ng\/\">Pilatus PC 12 NG<\/a>","seats":6,"aircraft_category":"Turboprop","flight_starting_from":"7'100\u20ac"},{"from_image":14565,"from_location":"Frankfort ","flight_image":"","to_image":14573,"to_location":"Saanen","flight_time":"01h10","aircraft_type":"<a href=\"https:\/\/jetflo.com\/charters\/pilatus-pc-12-ng\/\">Pilatus PC 12 NG<\/a>","seats":6,"aircraft_category":"Turboprop","flight_starting_from":"7'600\u20ac"},{"from_image":14585,"from_location":"Rome","flight_image":"","to_image":14573,"to_location":"Saanen","flight_time":"01h50","aircraft_type":"<a href=\"https:\/\/jetflo.com\/charters\/pilatus-pc-12-ng\/\">Pilatus PC 12 NG<\/a>","seats":6,"aircraft_category":"Turboprop","flight_starting_from":"9'100\u20ac"},{"from_image":14577,"from_location":"Barcelone ","flight_image":"","to_image":14573,"to_location":"Saanen","flight_time":"01h25","aircraft_type":"<a href=\"https:\/\/jetflo.com\/charters\/cessna-citation-mustang\/\">Cessna Citation Mustang<\/a>","seats":4,"aircraft_category":"Very Light Jet","flight_starting_from":"9'100\u20ac"}],"table_content":""}},"yoast_head":"<!-- This site is optimized with the Yoast SEO plugin v26.3 - https:\/\/yoast.com\/wordpress\/plugins\/seo\/ -->\n<title>Jet priv\u00e9 vers Gstaad<\/title>\n<meta name=\"description\" content=\"Louez un Jet Priv\u00e9 pour Gstaad avec JetFlo, votre partenaire pour les vols en Jet Priv\u00e9. D\u00e9couvrez nos meilleures offres pour louer un Jet Priv\u00e9 au d\u00e9part et \u00e0 destination de Gstaad.\" \/>\n<meta name=\"robots\" content=\"index, follow, max-snippet:-1, max-image-preview:large, max-video-preview:-1\" \/>\n<link rel=\"canonical\" href=\"https:\/\/jetflo.com\/fr\/destinations\/jet-prive-pour-gstaad\/\" \/>\n<meta property=\"og:locale\" content=\"fr_FR\" \/>\n<meta property=\"og:type\" content=\"article\" \/>\n<meta property=\"og:title\" content=\"Jet priv\u00e9 vers Gstaad\" \/>\n<meta property=\"og:description\" content=\"Louez un Jet Priv\u00e9 pour Gstaad avec JetFlo, votre partenaire pour les vols en Jet Priv\u00e9. D\u00e9couvrez nos meilleures offres pour louer un Jet Priv\u00e9 au d\u00e9part et \u00e0 destination de Gstaad.\" \/>\n<meta property=\"og:url\" content=\"https:\/\/jetflo.com\/fr\/destinations\/jet-prive-pour-gstaad\/\" \/>\n<meta property=\"og:site_name\" content=\"JetFlo\" \/>\n<meta property=\"article:modified_time\" content=\"2026-02-18T15:24:27+00:00\" \/>\n<meta property=\"og:image\" content=\"https:\/\/jetflo.com\/wp-content\/uploads\/2026\/02\/Gstaad-winter-website-scaled.jpg\" \/>\n\t<meta property=\"og:image:width\" content=\"2560\" \/>\n\t<meta property=\"og:image:height\" content=\"1707\" \/>\n\t<meta property=\"og:image:type\" content=\"image\/jpeg\" \/>\n<meta name=\"twitter:card\" content=\"summary_large_image\" \/>\n<meta name=\"twitter:label1\" content=\"Dur\u00e9e de lecture estim\u00e9e\" \/>\n\t<meta name=\"twitter:data1\" content=\"7 minutes\" \/>\n<script type=\"application\/ld+json\" class=\"yoast-schema-graph\">{\"@context\":\"https:\/\/schema.org\",\"@graph\":[{\"@type\":\"WebPage\",\"@id\":\"https:\/\/jetflo.com\/fr\/destinations\/jet-prive-pour-gstaad\/\",\"url\":\"https:\/\/jetflo.com\/fr\/destinations\/jet-prive-pour-gstaad\/\",\"name\":\"Jet priv\u00e9 vers Gstaad\",\"isPartOf\":{\"@id\":\"https:\/\/jetflo.com\/fr\/#website\"},\"primaryImageOfPage\":{\"@id\":\"https:\/\/jetflo.com\/fr\/destinations\/jet-prive-pour-gstaad\/#primaryimage\"},\"image\":{\"@id\":\"https:\/\/jetflo.com\/fr\/destinations\/jet-prive-pour-gstaad\/#primaryimage\"},\"thumbnailUrl\":\"https:\/\/jetflo.com\/wp-content\/uploads\/2026\/02\/Gstaad-winter-website-scaled.jpg\",\"datePublished\":\"2026-02-04T15:07:26+00:00\",\"dateModified\":\"2026-02-18T15:24:27+00:00\",\"description\":\"Louez un Jet Priv\u00e9 pour Gstaad avec JetFlo, votre partenaire pour les vols en Jet Priv\u00e9. D\u00e9couvrez nos meilleures offres pour louer un Jet Priv\u00e9 au d\u00e9part et \u00e0 destination de Gstaad.\",\"breadcrumb\":{\"@id\":\"https:\/\/jetflo.com\/fr\/destinations\/jet-prive-pour-gstaad\/#breadcrumb\"},\"inLanguage\":\"fr-FR\",\"potentialAction\":[{\"@type\":\"ReadAction\",\"target\":[\"https:\/\/jetflo.com\/fr\/destinations\/jet-prive-pour-gstaad\/\"]}]},{\"@type\":\"ImageObject\",\"inLanguage\":\"fr-FR\",\"@id\":\"https:\/\/jetflo.com\/fr\/destinations\/jet-prive-pour-gstaad\/#primaryimage\",\"url\":\"https:\/\/jetflo.com\/wp-content\/uploads\/2026\/02\/Gstaad-winter-website-scaled.jpg\",\"contentUrl\":\"https:\/\/jetflo.com\/wp-content\/uploads\/2026\/02\/Gstaad-winter-website-scaled.jpg\",\"width\":2560,\"height\":1707},{\"@type\":\"BreadcrumbList\",\"@id\":\"https:\/\/jetflo.com\/fr\/destinations\/jet-prive-pour-gstaad\/#breadcrumb\",\"itemListElement\":[{\"@type\":\"ListItem\",\"position\":1,\"name\":\"Home\",\"item\":\"https:\/\/jetflo.com\/fr\/\"},{\"@type\":\"ListItem\",\"position\":2,\"name\":\"Destinations\",\"item\":\"https:\/\/jetflo.com\/fr\/destinations\/\"},{\"@type\":\"ListItem\",\"position\":3,\"name\":\"Gstaad\"}]},{\"@type\":\"WebSite\",\"@id\":\"https:\/\/jetflo.com\/fr\/#website\",\"url\":\"https:\/\/jetflo.com\/fr\/\",\"name\":\"JetFlo\",\"description\":\"Your Private Jet Charter\",\"publisher\":{\"@id\":\"https:\/\/jetflo.com\/fr\/#organization\"},\"alternateName\":\"JetFlo Private Jet Charter\",\"potentialAction\":[{\"@type\":\"SearchAction\",\"target\":{\"@type\":\"EntryPoint\",\"urlTemplate\":\"https:\/\/jetflo.com\/fr\/?s={search_term_string}\"},\"query-input\":{\"@type\":\"PropertyValueSpecification\",\"valueRequired\":true,\"valueName\":\"search_term_string\"}}],\"inLanguage\":\"fr-FR\"},{\"@type\":\"Organization\",\"@id\":\"https:\/\/jetflo.com\/fr\/#organization\",\"name\":\"JetFlo\",\"url\":\"https:\/\/jetflo.com\/fr\/\",\"logo\":{\"@type\":\"ImageObject\",\"inLanguage\":\"fr-FR\",\"@id\":\"https:\/\/jetflo.com\/fr\/#\/schema\/logo\/image\/\",\"url\":\"https:\/\/jetflo.com\/wp-content\/uploads\/2022\/09\/JetFlo-Logo.svg\",\"contentUrl\":\"https:\/\/jetflo.com\/wp-content\/uploads\/2022\/09\/JetFlo-Logo.svg\",\"caption\":\"JetFlo\"},\"image\":{\"@id\":\"https:\/\/jetflo.com\/fr\/#\/schema\/logo\/image\/\"}}]}<\/script>\n<!-- \/ Yoast SEO plugin. -->","yoast_head_json":{"title":"Jet priv\u00e9 vers Gstaad","description":"Louez un Jet Priv\u00e9 pour Gstaad avec JetFlo, votre partenaire pour les vols en Jet Priv\u00e9. D\u00e9couvrez nos meilleures offres pour louer un Jet Priv\u00e9 au d\u00e9part et \u00e0 destination de Gstaad.","robots":{"index":"index","follow":"follow","max-snippet":"max-snippet:-1","max-image-preview":"max-image-preview:large","max-video-preview":"max-video-preview:-1"},"canonical":"https:\/\/jetflo.com\/fr\/destinations\/jet-prive-pour-gstaad\/","og_locale":"fr_FR","og_type":"article","og_title":"Jet priv\u00e9 vers Gstaad","og_description":"Louez un Jet Priv\u00e9 pour Gstaad avec JetFlo, votre partenaire pour les vols en Jet Priv\u00e9. D\u00e9couvrez nos meilleures offres pour louer un Jet Priv\u00e9 au d\u00e9part et \u00e0 destination de Gstaad.","og_url":"https:\/\/jetflo.com\/fr\/destinations\/jet-prive-pour-gstaad\/","og_site_name":"JetFlo","article_modified_time":"2026-02-18T15:24:27+00:00","og_image":[{"width":2560,"height":1707,"url":"https:\/\/jetflo.com\/wp-content\/uploads\/2026\/02\/Gstaad-winter-website-scaled.jpg","type":"image\/jpeg"}],"twitter_card":"summary_large_image","twitter_misc":{"Dur\u00e9e de lecture estim\u00e9e":"7 minutes"},"schema":{"@context":"https:\/\/schema.org","@graph":[{"@type":"WebPage","@id":"https:\/\/jetflo.com\/fr\/destinations\/jet-prive-pour-gstaad\/","url":"https:\/\/jetflo.com\/fr\/destinations\/jet-prive-pour-gstaad\/","name":"Jet priv\u00e9 vers Gstaad","isPartOf":{"@id":"https:\/\/jetflo.com\/fr\/#website"},"primaryImageOfPage":{"@id":"https:\/\/jetflo.com\/fr\/destinations\/jet-prive-pour-gstaad\/#primaryimage"},"image":{"@id":"https:\/\/jetflo.com\/fr\/destinations\/jet-prive-pour-gstaad\/#primaryimage"},"thumbnailUrl":"https:\/\/jetflo.com\/wp-content\/uploads\/2026\/02\/Gstaad-winter-website-scaled.jpg","datePublished":"2026-02-04T15:07:26+00:00","dateModified":"2026-02-18T15:24:27+00:00","description":"Louez un Jet Priv\u00e9 pour Gstaad avec JetFlo, votre partenaire pour les vols en Jet Priv\u00e9. D\u00e9couvrez nos meilleures offres pour louer un Jet Priv\u00e9 au d\u00e9part et \u00e0 destination de Gstaad.","breadcrumb":{"@id":"https:\/\/jetflo.com\/fr\/destinations\/jet-prive-pour-gstaad\/#breadcrumb"},"inLanguage":"fr-FR","potentialAction":[{"@type":"ReadAction","target":["https:\/\/jetflo.com\/fr\/destinations\/jet-prive-pour-gstaad\/"]}]},{"@type":"ImageObject","inLanguage":"fr-FR","@id":"https:\/\/jetflo.com\/fr\/destinations\/jet-prive-pour-gstaad\/#primaryimage","url":"https:\/\/jetflo.com\/wp-content\/uploads\/2026\/02\/Gstaad-winter-website-scaled.jpg","contentUrl":"https:\/\/jetflo.com\/wp-content\/uploads\/2026\/02\/Gstaad-winter-website-scaled.jpg","width":2560,"height":1707},{"@type":"BreadcrumbList","@id":"https:\/\/jetflo.com\/fr\/destinations\/jet-prive-pour-gstaad\/#breadcrumb","itemListElement":[{"@type":"ListItem","position":1,"name":"Home","item":"https:\/\/jetflo.com\/fr\/"},{"@type":"ListItem","position":2,"name":"Destinations","item":"https:\/\/jetflo.com\/fr\/destinations\/"},{"@type":"ListItem","position":3,"name":"Gstaad"}]},{"@type":"WebSite","@id":"https:\/\/jetflo.com\/fr\/#website","url":"https:\/\/jetflo.com\/fr\/","name":"JetFlo","description":"Your Private Jet Charter","publisher":{"@id":"https:\/\/jetflo.com\/fr\/#organization"},"alternateName":"JetFlo Private Jet Charter","potentialAction":[{"@type":"SearchAction","target":{"@type":"EntryPoint","urlTemplate":"https:\/\/jetflo.com\/fr\/?s={search_term_string}"},"query-input":{"@type":"PropertyValueSpecification","valueRequired":true,"valueName":"search_term_string"}}],"inLanguage":"fr-FR"},{"@type":"Organization","@id":"https:\/\/jetflo.com\/fr\/#organization","name":"JetFlo","url":"https:\/\/jetflo.com\/fr\/","logo":{"@type":"ImageObject","inLanguage":"fr-FR","@id":"https:\/\/jetflo.com\/fr\/#\/schema\/logo\/image\/","url":"https:\/\/jetflo.com\/wp-content\/uploads\/2022\/09\/JetFlo-Logo.svg","contentUrl":"https:\/\/jetflo.com\/wp-content\/uploads\/2022\/09\/JetFlo-Logo.svg","caption":"JetFlo"},"image":{"@id":"https:\/\/jetflo.com\/fr\/#\/schema\/logo\/image\/"}}]}},"_links":{"self":[{"href":"https:\/\/jetflo.com\/fr\/wp-json\/wp\/v2\/destinations\/17915","targetHints":{"allow":["GET"]}}],"collection":[{"href":"https:\/\/jetflo.com\/fr\/wp-json\/wp\/v2\/destinations"}],"about":[{"href":"https:\/\/jetflo.com\/fr\/wp-json\/wp\/v2\/types\/destinations"}],"version-history":[{"count":4,"href":"https:\/\/jetflo.com\/fr\/wp-json\/wp\/v2\/destinations\/17915\/revisions"}],"predecessor-version":[{"id":23913,"href":"https:\/\/jetflo.com\/fr\/wp-json\/wp\/v2\/destinations\/17915\/revisions\/23913"}],"wp:featuredmedia":[{"embeddable":true,"href":"https:\/\/jetflo.com\/fr\/wp-json\/wp\/v2\/media\/17885"}],"wp:attachment":[{"href":"https:\/\/jetflo.com\/fr\/wp-json\/wp\/v2\/media?parent=17915"}],"wp:term":[{"taxonomy":"destination_types","embeddable":true,"href":"https:\/\/jetflo.com\/fr\/wp-json\/wp\/v2\/destination_types?post=17915"}],"curies":[{"name":"wp","href":"https:\/\/api.w.org\/{rel}","templated":true}]}}